{"id":3126,"date":"2026-03-11T17:51:51","date_gmt":"2026-03-11T23:51:51","guid":{"rendered":"https:\/\/www.cesaraddario.com\/?page_id=3126"},"modified":"2026-04-15T15:58:21","modified_gmt":"2026-04-15T21:58:21","slug":"red-de-trabajo-y-colaboracion","status":"publish","type":"page","link":"https:\/\/cesaraddario.com\/en\/como-ayudo\/red-de-trabajo-y-colaboracion\/","title":{"rendered":"C\u00f3mo Ayudo &#8211; Red de trabajo y colaboraci\u00f3n"},"content":{"rendered":"<div data-elementor-type=\"wp-page\" data-elementor-id=\"3126\" class=\"elementor elementor-3126\">\n\t\t\t\t\t\t\t\t\t<section class=\"elementor-section elementor-top-section elementor-element elementor-element-7331f2f elementor-section-boxed elementor-section-height-default elementor-section-height-default\" data-id=\"7331f2f\" data-element_type=\"section\" data-settings=\"{&quot;background_background&quot;:&quot;classic&quot;}\">\n\t\t\t\t\t\t<div class=\"elementor-container elementor-column-gap-default\">\n\t\t\t\t\t<div class=\"elementor-column elementor-col-100 elementor-top-column elementor-element elementor-element-4d2c4dd\" data-id=\"4d2c4dd\" data-element_type=\"column\">\n\t\t\t<div class=\"elementor-widget-wrap elementor-element-populated\">\n\t\t\t\t\t\t\t\t<section class=\"elementor-section elementor-inner-section elementor-element elementor-element-592b616 elementor-section-boxed elementor-section-height-default elementor-section-height-default\" data-id=\"592b616\" data-element_type=\"section\">\n\t\t\t\t\t\t<div class=\"elementor-container elementor-column-gap-default\">\n\t\t\t\t\t<div class=\"elementor-column elementor-col-100 elementor-inner-column elementor-element elementor-element-213c180\" data-id=\"213c180\" data-element_type=\"column\">\n\t\t\t<div class=\"elementor-widget-wrap elementor-element-populated\">\n\t\t\t\t\t\t\t\t<div class=\"elementor-element elementor-element-9a82be6 border-bottom-short elementor-widget__width-auto elementor-widget elementor-widget-heading\" data-id=\"9a82be6\" data-element_type=\"widget\" data-widget_type=\"heading.default\">\n\t\t\t\t<div class=\"elementor-widget-container\">\n\t\t\t<style>\/*! elementor - v3.9.0 - 06-12-2022 *\/\n.elementor-heading-title{padding:0;margin:0;line-height:1}.elementor-widget-heading .elementor-heading-title[class*=elementor-size-]>a{color:inherit;font-size:inherit;line-height:inherit}.elementor-widget-heading .elementor-heading-title.elementor-size-small{font-size:15px}.elementor-widget-heading .elementor-heading-title.elementor-size-medium{font-size:19px}.elementor-widget-heading .elementor-heading-title.elementor-size-large{font-size:29px}.elementor-widget-heading .elementor-heading-title.elementor-size-xl{font-size:39px}.elementor-widget-heading .elementor-heading-title.elementor-size-xxl{font-size:59px}<\/style><h2 class=\"elementor-heading-title elementor-size-default\">Networking and <br> <span class=\"title-yellow\">collaboration <\/span><\/h2>\t\t<\/div>\n\t\t\t\t<\/div>\n\t\t\t\t\t<\/div>\n\t\t<\/div>\n\t\t\t\t\t\t\t<\/div>\n\t\t<\/section>\n\t\t\t\t<div class=\"elementor-element elementor-element-797bb2c elementor-widget elementor-widget-spacer\" data-id=\"797bb2c\" data-element_type=\"widget\" data-widget_type=\"spacer.default\">\n\t\t\t\t<div class=\"elementor-widget-container\">\n\t\t\t<style>\/*! elementor - v3.9.0 - 06-12-2022 *\/\n.elementor-column .elementor-spacer-inner{height:var(--spacer-size)}.e-con{--container-widget-width:100%}.e-con-inner>.elementor-widget-spacer,.e-con>.elementor-widget-spacer{width:var(--container-widget-width,var(--spacer-size));--align-self:var(--container-widget-align-self,initial);--flex-shrink:0}.e-con-inner>.elementor-widget-spacer>.elementor-widget-container,.e-con-inner>.elementor-widget-spacer>.elementor-widget-container>.elementor-spacer,.e-con>.elementor-widget-spacer>.elementor-widget-container,.e-con>.elementor-widget-spacer>.elementor-widget-container>.elementor-spacer{height:100%}.e-con-inner>.elementor-widget-spacer>.elementor-widget-container>.elementor-spacer>.elementor-spacer-inner,.e-con>.elementor-widget-spacer>.elementor-widget-container>.elementor-spacer>.elementor-spacer-inner{height:var(--container-widget-height,var(--spacer-size))}<\/style>\t\t<div class=\"elementor-spacer\">\n\t\t\t<div class=\"elementor-spacer-inner\"><\/div>\n\t\t<\/div>\n\t\t\t\t<\/div>\n\t\t\t\t<\/div>\n\t\t\t\t<div class=\"elementor-element elementor-element-297f201 elementor-tabs-view-vertical red-trabajo-colaboracion elementor-widget elementor-widget-tabs\" data-id=\"297f201\" data-element_type=\"widget\" data-widget_type=\"tabs.default\">\n\t\t\t\t<div class=\"elementor-widget-container\">\n\t\t\t<style>\/*! elementor - v3.9.0 - 06-12-2022 *\/\n.elementor-widget-tabs.elementor-tabs-view-vertical .elementor-tabs-wrapper{width:25%;flex-shrink:0}.elementor-widget-tabs.elementor-tabs-view-vertical .elementor-tab-desktop-title.elementor-active{border-right-style:none}.elementor-widget-tabs.elementor-tabs-view-vertical .elementor-tab-desktop-title.elementor-active:after,.elementor-widget-tabs.elementor-tabs-view-vertical .elementor-tab-desktop-title.elementor-active:before{height:999em;width:0;right:0;border-right-style:solid}.elementor-widget-tabs.elementor-tabs-view-vertical .elementor-tab-desktop-title.elementor-active:before{top:0;transform:translateY(-100%)}.elementor-widget-tabs.elementor-tabs-view-vertical .elementor-tab-desktop-title.elementor-active:after{top:100%}.elementor-widget-tabs.elementor-tabs-view-horizontal .elementor-tab-desktop-title{display:table-cell}.elementor-widget-tabs.elementor-tabs-view-horizontal .elementor-tab-desktop-title.elementor-active{border-bottom-style:none}.elementor-widget-tabs.elementor-tabs-view-horizontal .elementor-tab-desktop-title.elementor-active:after,.elementor-widget-tabs.elementor-tabs-view-horizontal .elementor-tab-desktop-title.elementor-active:before{bottom:0;height:0;width:999em;border-bottom-style:solid}.elementor-widget-tabs.elementor-tabs-view-horizontal .elementor-tab-desktop-title.elementor-active:before{right:100%}.elementor-widget-tabs.elementor-tabs-view-horizontal .elementor-tab-desktop-title.elementor-active:after{left:100%}.elementor-widget-tabs .elementor-tab-content,.elementor-widget-tabs .elementor-tab-title,.elementor-widget-tabs .elementor-tab-title:after,.elementor-widget-tabs .elementor-tab-title:before,.elementor-widget-tabs .elementor-tabs-content-wrapper{border:1px #d4d4d4}.elementor-widget-tabs .elementor-tabs{text-align:left}.elementor-widget-tabs .elementor-tabs-wrapper{overflow:hidden}.elementor-widget-tabs .elementor-tab-title{cursor:pointer;outline:var(--focus-outline,none)}.elementor-widget-tabs .elementor-tab-desktop-title{position:relative;padding:20px 25px;font-weight:700;line-height:1;border:solid transparent}.elementor-widget-tabs .elementor-tab-desktop-title.elementor-active{border-color:#d4d4d4}.elementor-widget-tabs .elementor-tab-desktop-title.elementor-active:after,.elementor-widget-tabs .elementor-tab-desktop-title.elementor-active:before{display:block;content:\"\";position:absolute}.elementor-widget-tabs .elementor-tab-desktop-title:focus-visible{border:1px solid #000}.elementor-widget-tabs .elementor-tab-mobile-title{padding:10px;cursor:pointer}.elementor-widget-tabs .elementor-tab-content{padding:20px;display:none}@media (max-width:767px){.elementor-tabs .elementor-tab-content,.elementor-tabs .elementor-tab-title{border-style:solid solid none}.elementor-tabs .elementor-tabs-wrapper{display:none}.elementor-tabs .elementor-tabs-content-wrapper{border-bottom-style:solid}.elementor-tabs .elementor-tab-content{padding:10px}}@media (min-width:768px){.elementor-widget-tabs.elementor-tabs-view-vertical .elementor-tabs{display:flex}.elementor-widget-tabs.elementor-tabs-view-vertical .elementor-tabs-wrapper{flex-direction:column}.elementor-widget-tabs.elementor-tabs-view-vertical .elementor-tabs-content-wrapper{flex-grow:1;border-style:solid solid solid none}.elementor-widget-tabs.elementor-tabs-view-horizontal .elementor-tab-content{border-style:none solid solid}.elementor-widget-tabs.elementor-tabs-alignment-center .elementor-tabs-wrapper,.elementor-widget-tabs.elementor-tabs-alignment-end .elementor-tabs-wrapper,.elementor-widget-tabs.elementor-tabs-alignment-stretch .elementor-tabs-wrapper{display:flex}.elementor-widget-tabs.elementor-tabs-alignment-center .elementor-tabs-wrapper{justify-content:center}.elementor-widget-tabs.elementor-tabs-alignment-end .elementor-tabs-wrapper{justify-content:flex-end}.elementor-widget-tabs.elementor-tabs-alignment-stretch.elementor-tabs-view-horizontal .elementor-tab-title{width:100%}.elementor-widget-tabs.elementor-tabs-alignment-stretch.elementor-tabs-view-vertical .elementor-tab-title{height:100%}.elementor-tabs .elementor-tab-mobile-title{display:none}}<\/style>\t\t<div class=\"elementor-tabs\">\n\t\t\t<div class=\"elementor-tabs-wrapper\" role=\"tablist\" >\n\t\t\t\t\t\t\t\t\t<div id=\"elementor-tab-title-4351\" class=\"elementor-tab-title elementor-tab-desktop-title\" aria-selected=\"true\" data-tab=\"1\" role=\"tab\" tabindex=\"0\" aria-controls=\"elementor-tab-content-4351\" aria-expanded=\"false\">Christine Lagarde <br><span> PRESIDENT OF THE EUROPEAN CENTRAL BANK, FRANCE <\/span><\/div>\n\t\t\t\t\t\t\t\t\t<div id=\"elementor-tab-title-4352\" class=\"elementor-tab-title elementor-tab-desktop-title\" aria-selected=\"false\" data-tab=\"2\" role=\"tab\" tabindex=\"-1\" aria-controls=\"elementor-tab-content-4352\" aria-expanded=\"false\">Christopher Landau <br><span>UNDER SECRETARY OF STATE OF THE UNITED STATES  <br> UNITED STATES <\/span><\/div>\n\t\t\t\t\t\t\t\t\t<div id=\"elementor-tab-title-4353\" class=\"elementor-tab-title elementor-tab-desktop-title\" aria-selected=\"false\" data-tab=\"3\" role=\"tab\" tabindex=\"-1\" aria-controls=\"elementor-tab-content-4353\" aria-expanded=\"false\">Nayib Bukele, Ernesto Castro, and Ibrahim Bukele, his brother <br><span>PRESIDENT OF EL SALVADOR  <br> EL SALVADOR <\/span><\/div>\n\t\t\t\t\t\t\t\t\t<div id=\"elementor-tab-title-4354\" class=\"elementor-tab-title elementor-tab-desktop-title\" aria-selected=\"false\" data-tab=\"4\" role=\"tab\" tabindex=\"-1\" aria-controls=\"elementor-tab-content-4354\" aria-expanded=\"false\">Rodrigo Paz <br><span>PRESIDENT OF BOLIVIA  <br> BOLIVIA <\/span><\/div>\n\t\t\t\t\t\t\t\t\t<div id=\"elementor-tab-title-4355\" class=\"elementor-tab-title elementor-tab-desktop-title\" aria-selected=\"false\" data-tab=\"5\" role=\"tab\" tabindex=\"-1\" aria-controls=\"elementor-tab-content-4355\" aria-expanded=\"false\">Yamand\u00fa Orsi <br><span>PRESIDENT OF URUGUAY  <br> URUGUAY <\/span><\/div>\n\t\t\t\t\t\t\t\t\t<div id=\"elementor-tab-title-4356\" class=\"elementor-tab-title elementor-tab-desktop-title\" aria-selected=\"false\" data-tab=\"6\" role=\"tab\" tabindex=\"-1\" aria-controls=\"elementor-tab-content-4356\" aria-expanded=\"false\">Santiago Pe\u00f1a <br><span>PRESIDENT OF PARAGUAY  <br> PARAGUAY <\/span><\/div>\n\t\t\t\t\t\t\t\t\t<div id=\"elementor-tab-title-4357\" class=\"elementor-tab-title elementor-tab-desktop-title\" aria-selected=\"false\" data-tab=\"7\" role=\"tab\" tabindex=\"-1\" aria-controls=\"elementor-tab-content-4357\" aria-expanded=\"false\">Luis Lacalle, Juan Carlos Wasmoy <br><span>PRESIDENT OF URUGUAY AND PARAGUAY <br>URUGUAY AND PARAGUAY<\/span><\/div>\n\t\t\t\t\t\t\t\t\t<div id=\"elementor-tab-title-4358\" class=\"elementor-tab-title elementor-tab-desktop-title\" aria-selected=\"false\" data-tab=\"8\" role=\"tab\" tabindex=\"-1\" aria-controls=\"elementor-tab-content-4358\" aria-expanded=\"false\">Federico Franco <br><span>FORMER PRESIDENT OF PARAGUAY <br> PARAGUAY <\/span><\/div>\n\t\t\t\t\t\t\t\t\t<div id=\"elementor-tab-title-4359\" class=\"elementor-tab-title elementor-tab-desktop-title\" aria-selected=\"false\" data-tab=\"9\" role=\"tab\" tabindex=\"-1\" aria-controls=\"elementor-tab-content-4359\" aria-expanded=\"false\">Mario Abdo Ben\u00edtez <br><span>FORMER PRESIDENT OF PARAGUAY <br> PARAGUAY <\/span><\/div>\n\t\t\t\t\t\t\t\t\t<div id=\"elementor-tab-title-43510\" class=\"elementor-tab-title elementor-tab-desktop-title\" aria-selected=\"false\" data-tab=\"10\" role=\"tab\" tabindex=\"-1\" aria-controls=\"elementor-tab-content-43510\" aria-expanded=\"false\">Ernesto Samper <br><span>FORMER PRESIDENT OF COLOMBIA <br> COLOMBIA <\/span><\/div>\n\t\t\t\t\t\t\t\t\t<div id=\"elementor-tab-title-43511\" class=\"elementor-tab-title elementor-tab-desktop-title\" aria-selected=\"false\" data-tab=\"11\" role=\"tab\" tabindex=\"-1\" aria-controls=\"elementor-tab-content-43511\" aria-expanded=\"false\">Jamil Mahuad<br><span>FORMER PRESIDENT OF ECUADOR <br> ECUADOR <\/span><\/div>\n\t\t\t\t\t\t\t\t\t<div id=\"elementor-tab-title-43512\" class=\"elementor-tab-title elementor-tab-desktop-title\" aria-selected=\"false\" data-tab=\"12\" role=\"tab\" tabindex=\"-1\" aria-controls=\"elementor-tab-content-43512\" aria-expanded=\"false\">Danilo Medina<br><span>FORMER PRESIDENT OF THE DOMINICAN REPUBLIC  <br> DOMINICAN REPUBLIC <\/span><\/div>\n\t\t\t\t\t\t\t\t\t<div id=\"elementor-tab-title-43513\" class=\"elementor-tab-title elementor-tab-desktop-title\" aria-selected=\"false\" data-tab=\"13\" role=\"tab\" tabindex=\"-1\" aria-controls=\"elementor-tab-content-43513\" aria-expanded=\"false\">Rafael Correa<br><span>FORMER PRESIDENT OF ECUADOR  <br> ECUADOR <\/span><\/div>\n\t\t\t\t\t\t\t\t\t<div id=\"elementor-tab-title-43514\" class=\"elementor-tab-title elementor-tab-desktop-title\" aria-selected=\"false\" data-tab=\"14\" role=\"tab\" tabindex=\"-1\" aria-controls=\"elementor-tab-content-43514\" aria-expanded=\"false\">Ivan Bakale Ebe Molina<br><span>MINISTER OF FINANCE  <br> EQUATORIAL GUINEA <\/span><\/div>\n\t\t\t\t\t\t\t\t\t<div id=\"elementor-tab-title-43515\" class=\"elementor-tab-title elementor-tab-desktop-title\" aria-selected=\"false\" data-tab=\"15\" role=\"tab\" tabindex=\"-1\" aria-controls=\"elementor-tab-content-43515\" aria-expanded=\"false\">Feliz Ulloa, Rub\u00e9n Ram\u00edrez Lezcano<br><span>VICE PRESIDENT OF EL SALVADOR, FOREIGN MINISTER OF PARAGUAY <br> EL SALVADOR, PARAGUAY <\/span><\/div>\n\t\t\t\t\t\t\t\t\t<div id=\"elementor-tab-title-43516\" class=\"elementor-tab-title elementor-tab-desktop-title\" aria-selected=\"false\" data-tab=\"16\" role=\"tab\" tabindex=\"-1\" aria-controls=\"elementor-tab-content-43516\" aria-expanded=\"false\">Luis Arce<br><span>FORMER PRESIDENT OF BOLIVIA <br> BOLIVIA <\/span><\/div>\n\t\t\t\t\t\t\t\t\t<div id=\"elementor-tab-title-43517\" class=\"elementor-tab-title elementor-tab-desktop-title\" aria-selected=\"false\" data-tab=\"17\" role=\"tab\" tabindex=\"-1\" aria-controls=\"elementor-tab-content-43517\" aria-expanded=\"false\">Laura Chinchilla<br><span>FORMER PRESIDENT OF COSTA RICA <br> COSTA RICA <\/span><\/div>\n\t\t\t\t\t\t\t\t\t<div id=\"elementor-tab-title-43518\" class=\"elementor-tab-title elementor-tab-desktop-title\" aria-selected=\"false\" data-tab=\"18\" role=\"tab\" tabindex=\"-1\" aria-controls=\"elementor-tab-content-43518\" aria-expanded=\"false\">Bernardo Arevalo<br><span>PRESIDENT OF GUATEMALA <br> GUATEMALA <\/span><\/div>\n\t\t\t\t\t\t\t\t\t<div id=\"elementor-tab-title-43519\" class=\"elementor-tab-title elementor-tab-desktop-title\" aria-selected=\"false\" data-tab=\"19\" role=\"tab\" tabindex=\"-1\" aria-controls=\"elementor-tab-content-43519\" aria-expanded=\"false\">Luis Guillermo Solis<br><span>FORMER PRESIDENT OF COSTA RICA <br> COSTA RICA <\/span><\/div>\n\t\t\t\t\t\t\t\t\t<div id=\"elementor-tab-title-43520\" class=\"elementor-tab-title elementor-tab-desktop-title\" aria-selected=\"false\" data-tab=\"20\" role=\"tab\" tabindex=\"-1\" aria-controls=\"elementor-tab-content-43520\" aria-expanded=\"false\">Eduardo Duhalde<br><span>VICE PRESIDENT OF ARGENTINA <br> ARGENTINA <\/span><\/div>\n\t\t\t\t\t\t\t\t\t<div id=\"elementor-tab-title-43521\" class=\"elementor-tab-title elementor-tab-desktop-title\" aria-selected=\"false\" data-tab=\"21\" role=\"tab\" tabindex=\"-1\" aria-controls=\"elementor-tab-content-43521\" aria-expanded=\"false\">Alejandro Giammattei<br><span>FORMER PRESIDENT OF GUATEMALA <br> GUATEMALA <\/span><\/div>\n\t\t\t\t\t\t\t\t\t<div id=\"elementor-tab-title-43522\" class=\"elementor-tab-title elementor-tab-desktop-title\" aria-selected=\"false\" data-tab=\"22\" role=\"tab\" tabindex=\"-1\" aria-controls=\"elementor-tab-content-43522\" aria-expanded=\"false\">Javier Milei<br><span>PRESIDENT OF ARGENTINA <br> ARGENTINA <\/span><\/div>\n\t\t\t\t\t\t\t\t\t<div id=\"elementor-tab-title-43523\" class=\"elementor-tab-title elementor-tab-desktop-title\" aria-selected=\"false\" data-tab=\"23\" role=\"tab\" tabindex=\"-1\" aria-controls=\"elementor-tab-content-43523\" aria-expanded=\"false\">Vinicio Cerezo<br><span>FORMER PRESIDENT OF GUATEMALA <br> GUATEMALA <\/span><\/div>\n\t\t\t\t\t\t\t\t\t<div id=\"elementor-tab-title-43524\" class=\"elementor-tab-title elementor-tab-desktop-title\" aria-selected=\"false\" data-tab=\"24\" role=\"tab\" tabindex=\"-1\" aria-controls=\"elementor-tab-content-43524\" aria-expanded=\"false\">Luis Abinader<br><span>PRESIDENT OF THE DOMINICAN REPUBLIC <br> DOMINICAN REPUBLIC <\/span><\/div>\n\t\t\t\t\t\t\t<\/div>\n\t\t\t<div class=\"elementor-tabs-content-wrapper\" role=\"tablist\" aria-orientation=\"vertical\">\n\t\t\t\t\t\t\t\t\t<div class=\"elementor-tab-title elementor-tab-mobile-title\" aria-selected=\"true\" data-tab=\"1\" role=\"tab\" tabindex=\"0\" aria-controls=\"elementor-tab-content-4351\" aria-expanded=\"false\">Christine Lagarde <br><span> PRESIDENT OF THE EUROPEAN CENTRAL BANK, FRANCE <\/span><\/div>\n\t\t\t\t\t<div id=\"elementor-tab-content-4351\" class=\"elementor-tab-content elementor-clearfix\" data-tab=\"1\" role=\"tabpanel\" aria-labelledby=\"elementor-tab-title-4351\" tabindex=\"0\" hidden=\"false\"><p><img decoding=\"async\" class=\"size-full wp-image-3428 aligncenter\" src=\"https:\/\/www.cesaraddario.com\/wp-content\/uploads\/2026\/03\/IMG09.jpeg\" alt=\"\" width=\"65%\" height=\"auto\" srcset=\"https:\/\/cesaraddario.com\/wp-content\/uploads\/2026\/03\/IMG09.jpeg 960w, https:\/\/cesaraddario.com\/wp-content\/uploads\/2026\/03\/IMG09-225x300.jpeg 225w, https:\/\/cesaraddario.com\/wp-content\/uploads\/2026\/03\/IMG09-768x1024.jpeg 768w, https:\/\/cesaraddario.com\/wp-content\/uploads\/2026\/03\/IMG09-9x12.jpeg 9w\" sizes=\"(max-width: 960px) 100vw, 960px\" \/><\/p><\/div>\n\t\t\t\t\t\t\t\t\t<div class=\"elementor-tab-title elementor-tab-mobile-title\" aria-selected=\"false\" data-tab=\"2\" role=\"tab\" tabindex=\"-1\" aria-controls=\"elementor-tab-content-4352\" aria-expanded=\"false\">Christopher Landau <br><span>UNDER SECRETARY OF STATE OF THE UNITED STATES  <br> UNITED STATES <\/span><\/div>\n\t\t\t\t\t<div id=\"elementor-tab-content-4352\" class=\"elementor-tab-content elementor-clearfix\" data-tab=\"2\" role=\"tabpanel\" aria-labelledby=\"elementor-tab-title-4352\" tabindex=\"0\" hidden=\"hidden\"><p><img decoding=\"async\" class=\"size-full wp-image-3435 aligncenter\" src=\"https:\/\/www.cesaraddario.com\/wp-content\/uploads\/2026\/03\/IMG18.jpeg\" alt=\"\" width=\"65%\" height=\"auto\" srcset=\"https:\/\/cesaraddario.com\/wp-content\/uploads\/2026\/03\/IMG18.jpeg 960w, https:\/\/cesaraddario.com\/wp-content\/uploads\/2026\/03\/IMG18-225x300.jpeg 225w, https:\/\/cesaraddario.com\/wp-content\/uploads\/2026\/03\/IMG18-768x1024.jpeg 768w, https:\/\/cesaraddario.com\/wp-content\/uploads\/2026\/03\/IMG18-9x12.jpeg 9w\" sizes=\"(max-width: 960px) 100vw, 960px\" \/><\/p><\/div>\n\t\t\t\t\t\t\t\t\t<div class=\"elementor-tab-title elementor-tab-mobile-title\" aria-selected=\"false\" data-tab=\"3\" role=\"tab\" tabindex=\"-1\" aria-controls=\"elementor-tab-content-4353\" aria-expanded=\"false\">Nayib Bukele, Ernesto Castro, and Ibrahim Bukele, his brother <br><span>PRESIDENT OF EL SALVADOR  <br> EL SALVADOR <\/span><\/div>\n\t\t\t\t\t<div id=\"elementor-tab-content-4353\" class=\"elementor-tab-content elementor-clearfix\" data-tab=\"3\" role=\"tabpanel\" aria-labelledby=\"elementor-tab-title-4353\" tabindex=\"0\" hidden=\"hidden\"><p><img decoding=\"async\" class=\"size-full wp-image-3441 aligncenter\" src=\"https:\/\/www.cesaraddario.com\/wp-content\/uploads\/2026\/03\/IMG08.png\" alt=\"\" width=\"65%\" height=\"auto\" srcset=\"https:\/\/cesaraddario.com\/wp-content\/uploads\/2026\/03\/IMG08.png 960w, https:\/\/cesaraddario.com\/wp-content\/uploads\/2026\/03\/IMG08-225x300.png 225w, https:\/\/cesaraddario.com\/wp-content\/uploads\/2026\/03\/IMG08-768x1024.png 768w, https:\/\/cesaraddario.com\/wp-content\/uploads\/2026\/03\/IMG08-9x12.png 9w\" sizes=\"(max-width: 960px) 100vw, 960px\" \/><\/p><\/div>\n\t\t\t\t\t\t\t\t\t<div class=\"elementor-tab-title elementor-tab-mobile-title\" aria-selected=\"false\" data-tab=\"4\" role=\"tab\" tabindex=\"-1\" aria-controls=\"elementor-tab-content-4354\" aria-expanded=\"false\">Rodrigo Paz <br><span>PRESIDENT OF BOLIVIA  <br> BOLIVIA <\/span><\/div>\n\t\t\t\t\t<div id=\"elementor-tab-content-4354\" class=\"elementor-tab-content elementor-clearfix\" data-tab=\"4\" role=\"tabpanel\" aria-labelledby=\"elementor-tab-title-4354\" tabindex=\"0\" hidden=\"hidden\"><p><img decoding=\"async\" class=\"size-full wp-image-3445 aligncenter\" src=\"https:\/\/www.cesaraddario.com\/wp-content\/uploads\/2026\/03\/IMG16.jpeg\" alt=\"\" width=\"65%\" height=\"auto\" srcset=\"https:\/\/cesaraddario.com\/wp-content\/uploads\/2026\/03\/IMG16.jpeg 960w, https:\/\/cesaraddario.com\/wp-content\/uploads\/2026\/03\/IMG16-225x300.jpeg 225w, https:\/\/cesaraddario.com\/wp-content\/uploads\/2026\/03\/IMG16-768x1024.jpeg 768w, https:\/\/cesaraddario.com\/wp-content\/uploads\/2026\/03\/IMG16-9x12.jpeg 9w\" sizes=\"(max-width: 960px) 100vw, 960px\" \/><\/p><\/div>\n\t\t\t\t\t\t\t\t\t<div class=\"elementor-tab-title elementor-tab-mobile-title\" aria-selected=\"false\" data-tab=\"5\" role=\"tab\" tabindex=\"-1\" aria-controls=\"elementor-tab-content-4355\" aria-expanded=\"false\">Yamand\u00fa Orsi <br><span>PRESIDENT OF URUGUAY  <br> URUGUAY <\/span><\/div>\n\t\t\t\t\t<div id=\"elementor-tab-content-4355\" class=\"elementor-tab-content elementor-clearfix\" data-tab=\"5\" role=\"tabpanel\" aria-labelledby=\"elementor-tab-title-4355\" tabindex=\"0\" hidden=\"hidden\"><p><img decoding=\"async\" class=\"alignnone size-full wp-image-3449 aligncenter\" src=\"https:\/\/www.cesaraddario.com\/wp-content\/uploads\/2026\/03\/IMG17.png\" alt=\"\" width=\"65%\" height=\"auto\" srcset=\"https:\/\/cesaraddario.com\/wp-content\/uploads\/2026\/03\/IMG17.png 960w, https:\/\/cesaraddario.com\/wp-content\/uploads\/2026\/03\/IMG17-225x300.png 225w, https:\/\/cesaraddario.com\/wp-content\/uploads\/2026\/03\/IMG17-768x1024.png 768w, https:\/\/cesaraddario.com\/wp-content\/uploads\/2026\/03\/IMG17-9x12.png 9w\" sizes=\"(max-width: 960px) 100vw, 960px\" \/><\/p><\/div>\n\t\t\t\t\t\t\t\t\t<div class=\"elementor-tab-title elementor-tab-mobile-title\" aria-selected=\"false\" data-tab=\"6\" role=\"tab\" tabindex=\"-1\" aria-controls=\"elementor-tab-content-4356\" aria-expanded=\"false\">Santiago Pe\u00f1a <br><span>PRESIDENT OF PARAGUAY  <br> PARAGUAY <\/span><\/div>\n\t\t\t\t\t<div id=\"elementor-tab-content-4356\" class=\"elementor-tab-content elementor-clearfix\" data-tab=\"6\" role=\"tabpanel\" aria-labelledby=\"elementor-tab-title-4356\" tabindex=\"0\" hidden=\"hidden\"><p><img decoding=\"async\" class=\"alignnone size-full wp-image-3453 aligncenter\" src=\"https:\/\/www.cesaraddario.com\/wp-content\/uploads\/2026\/03\/IMG20.png\" alt=\"\" width=\"65%\" height=\"auto\" srcset=\"https:\/\/cesaraddario.com\/wp-content\/uploads\/2026\/03\/IMG20.png 960w, https:\/\/cesaraddario.com\/wp-content\/uploads\/2026\/03\/IMG20-225x300.png 225w, https:\/\/cesaraddario.com\/wp-content\/uploads\/2026\/03\/IMG20-768x1024.png 768w, https:\/\/cesaraddario.com\/wp-content\/uploads\/2026\/03\/IMG20-9x12.png 9w\" sizes=\"(max-width: 960px) 100vw, 960px\" \/><\/p><\/div>\n\t\t\t\t\t\t\t\t\t<div class=\"elementor-tab-title elementor-tab-mobile-title\" aria-selected=\"false\" data-tab=\"7\" role=\"tab\" tabindex=\"-1\" aria-controls=\"elementor-tab-content-4357\" aria-expanded=\"false\">Luis Lacalle, Juan Carlos Wasmoy <br><span>PRESIDENT OF URUGUAY AND PARAGUAY <br>URUGUAY AND PARAGUAY<\/span><\/div>\n\t\t\t\t\t<div id=\"elementor-tab-content-4357\" class=\"elementor-tab-content elementor-clearfix\" data-tab=\"7\" role=\"tabpanel\" aria-labelledby=\"elementor-tab-title-4357\" tabindex=\"0\" hidden=\"hidden\"><p><img decoding=\"async\" class=\"alignnone size-full wp-image-3458 aligncenter\" src=\"https:\/\/www.cesaraddario.com\/wp-content\/uploads\/2026\/03\/IMG01.png\" alt=\"\" width=\"65%\" height=\"auto\" srcset=\"https:\/\/cesaraddario.com\/wp-content\/uploads\/2026\/03\/IMG01.png 960w, https:\/\/cesaraddario.com\/wp-content\/uploads\/2026\/03\/IMG01-225x300.png 225w, https:\/\/cesaraddario.com\/wp-content\/uploads\/2026\/03\/IMG01-768x1024.png 768w, https:\/\/cesaraddario.com\/wp-content\/uploads\/2026\/03\/IMG01-9x12.png 9w\" sizes=\"(max-width: 960px) 100vw, 960px\" \/><\/p><\/div>\n\t\t\t\t\t\t\t\t\t<div class=\"elementor-tab-title elementor-tab-mobile-title\" aria-selected=\"false\" data-tab=\"8\" role=\"tab\" tabindex=\"-1\" aria-controls=\"elementor-tab-content-4358\" aria-expanded=\"false\">Federico Franco <br><span>FORMER PRESIDENT OF PARAGUAY <br> PARAGUAY <\/span><\/div>\n\t\t\t\t\t<div id=\"elementor-tab-content-4358\" class=\"elementor-tab-content elementor-clearfix\" data-tab=\"8\" role=\"tabpanel\" aria-labelledby=\"elementor-tab-title-4358\" tabindex=\"0\" hidden=\"hidden\"><p><img decoding=\"async\" class=\"alignnone size-full wp-image-3458 aligncenter\" src=\"https:\/\/www.cesaraddario.com\/wp-content\/uploads\/2026\/03\/IMG02.png\" alt=\"\" width=\"65%\" height=\"auto\" \/><\/p><\/div>\n\t\t\t\t\t\t\t\t\t<div class=\"elementor-tab-title elementor-tab-mobile-title\" aria-selected=\"false\" data-tab=\"9\" role=\"tab\" tabindex=\"-1\" aria-controls=\"elementor-tab-content-4359\" aria-expanded=\"false\">Mario Abdo Ben\u00edtez <br><span>FORMER PRESIDENT OF PARAGUAY <br> PARAGUAY <\/span><\/div>\n\t\t\t\t\t<div id=\"elementor-tab-content-4359\" class=\"elementor-tab-content elementor-clearfix\" data-tab=\"9\" role=\"tabpanel\" aria-labelledby=\"elementor-tab-title-4359\" tabindex=\"0\" hidden=\"hidden\"><p><img decoding=\"async\" class=\"alignnone size-full wp-image-3458 aligncenter\" src=\"https:\/\/www.cesaraddario.com\/wp-content\/uploads\/2026\/03\/IMG03.png\" alt=\"\" width=\"65%\" height=\"1280\" \/><\/p><\/div>\n\t\t\t\t\t\t\t\t\t<div class=\"elementor-tab-title elementor-tab-mobile-title\" aria-selected=\"false\" data-tab=\"10\" role=\"tab\" tabindex=\"-1\" aria-controls=\"elementor-tab-content-43510\" aria-expanded=\"false\">Ernesto Samper <br><span>FORMER PRESIDENT OF COLOMBIA <br> COLOMBIA <\/span><\/div>\n\t\t\t\t\t<div id=\"elementor-tab-content-43510\" class=\"elementor-tab-content elementor-clearfix\" data-tab=\"10\" role=\"tabpanel\" aria-labelledby=\"elementor-tab-title-43510\" tabindex=\"0\" hidden=\"hidden\"><p><img decoding=\"async\" class=\"alignnone size-full wp-image-4024 aligncenter\" src=\"https:\/\/www.cesaraddario.com\/wp-content\/uploads\/2026\/03\/IMG04.png\" alt=\"\" width=\"65%\" height=\"1280\" srcset=\"https:\/\/cesaraddario.com\/wp-content\/uploads\/2026\/03\/IMG04.png 960w, https:\/\/cesaraddario.com\/wp-content\/uploads\/2026\/03\/IMG04-225x300.png 225w, https:\/\/cesaraddario.com\/wp-content\/uploads\/2026\/03\/IMG04-768x1024.png 768w, https:\/\/cesaraddario.com\/wp-content\/uploads\/2026\/03\/IMG04-9x12.png 9w\" sizes=\"(max-width: 960px) 100vw, 960px\" \/><\/p><\/div>\n\t\t\t\t\t\t\t\t\t<div class=\"elementor-tab-title elementor-tab-mobile-title\" aria-selected=\"false\" data-tab=\"11\" role=\"tab\" tabindex=\"-1\" aria-controls=\"elementor-tab-content-43511\" aria-expanded=\"false\">Jamil Mahuad<br><span>FORMER PRESIDENT OF ECUADOR <br> ECUADOR <\/span><\/div>\n\t\t\t\t\t<div id=\"elementor-tab-content-43511\" class=\"elementor-tab-content elementor-clearfix\" data-tab=\"11\" role=\"tabpanel\" aria-labelledby=\"elementor-tab-title-43511\" tabindex=\"0\" hidden=\"hidden\"><p><img decoding=\"async\" class=\"alignnone size-full wp-image-4028 aligncenter\" src=\"https:\/\/www.cesaraddario.com\/wp-content\/uploads\/2026\/03\/IMG05.png\" alt=\"\" width=\"65%\" height=\"1280\" srcset=\"https:\/\/cesaraddario.com\/wp-content\/uploads\/2026\/03\/IMG05.png 960w, https:\/\/cesaraddario.com\/wp-content\/uploads\/2026\/03\/IMG05-225x300.png 225w, https:\/\/cesaraddario.com\/wp-content\/uploads\/2026\/03\/IMG05-768x1024.png 768w, https:\/\/cesaraddario.com\/wp-content\/uploads\/2026\/03\/IMG05-9x12.png 9w\" sizes=\"(max-width: 960px) 100vw, 960px\" \/><\/p><\/div>\n\t\t\t\t\t\t\t\t\t<div class=\"elementor-tab-title elementor-tab-mobile-title\" aria-selected=\"false\" data-tab=\"12\" role=\"tab\" tabindex=\"-1\" aria-controls=\"elementor-tab-content-43512\" aria-expanded=\"false\">Danilo Medina<br><span>FORMER PRESIDENT OF THE DOMINICAN REPUBLIC  <br> DOMINICAN REPUBLIC <\/span><\/div>\n\t\t\t\t\t<div id=\"elementor-tab-content-43512\" class=\"elementor-tab-content elementor-clearfix\" data-tab=\"12\" role=\"tabpanel\" aria-labelledby=\"elementor-tab-title-43512\" tabindex=\"0\" hidden=\"hidden\"><p><img decoding=\"async\" class=\"alignnone size-full wp-image-4032 aligncenter\" src=\"https:\/\/www.cesaraddario.com\/wp-content\/uploads\/2026\/03\/IMG06.png\" alt=\"\" width=\"65%\" height=\"1280\" srcset=\"https:\/\/cesaraddario.com\/wp-content\/uploads\/2026\/03\/IMG06.png 960w, https:\/\/cesaraddario.com\/wp-content\/uploads\/2026\/03\/IMG06-225x300.png 225w, https:\/\/cesaraddario.com\/wp-content\/uploads\/2026\/03\/IMG06-768x1024.png 768w, https:\/\/cesaraddario.com\/wp-content\/uploads\/2026\/03\/IMG06-9x12.png 9w\" sizes=\"(max-width: 960px) 100vw, 960px\" \/><\/p><\/div>\n\t\t\t\t\t\t\t\t\t<div class=\"elementor-tab-title elementor-tab-mobile-title\" aria-selected=\"false\" data-tab=\"13\" role=\"tab\" tabindex=\"-1\" aria-controls=\"elementor-tab-content-43513\" aria-expanded=\"false\">Rafael Correa<br><span>FORMER PRESIDENT OF ECUADOR  <br> ECUADOR <\/span><\/div>\n\t\t\t\t\t<div id=\"elementor-tab-content-43513\" class=\"elementor-tab-content elementor-clearfix\" data-tab=\"13\" role=\"tabpanel\" aria-labelledby=\"elementor-tab-title-43513\" tabindex=\"0\" hidden=\"hidden\"><p><img decoding=\"async\" class=\"alignnone size-full wp-image-4037 aligncenter\" src=\"https:\/\/www.cesaraddario.com\/wp-content\/uploads\/2026\/03\/IMG07.png\" alt=\"\" width=\"65%\" height=\"1280\" srcset=\"https:\/\/cesaraddario.com\/wp-content\/uploads\/2026\/03\/IMG07.png 960w, https:\/\/cesaraddario.com\/wp-content\/uploads\/2026\/03\/IMG07-225x300.png 225w, https:\/\/cesaraddario.com\/wp-content\/uploads\/2026\/03\/IMG07-768x1024.png 768w, https:\/\/cesaraddario.com\/wp-content\/uploads\/2026\/03\/IMG07-9x12.png 9w\" sizes=\"(max-width: 960px) 100vw, 960px\" \/><\/p><\/div>\n\t\t\t\t\t\t\t\t\t<div class=\"elementor-tab-title elementor-tab-mobile-title\" aria-selected=\"false\" data-tab=\"14\" role=\"tab\" tabindex=\"-1\" aria-controls=\"elementor-tab-content-43514\" aria-expanded=\"false\">Ivan Bakale Ebe Molina<br><span>MINISTER OF FINANCE  <br> EQUATORIAL GUINEA <\/span><\/div>\n\t\t\t\t\t<div id=\"elementor-tab-content-43514\" class=\"elementor-tab-content elementor-clearfix\" data-tab=\"14\" role=\"tabpanel\" aria-labelledby=\"elementor-tab-title-43514\" tabindex=\"0\" hidden=\"hidden\"><p><img decoding=\"async\" class=\"alignnone size-full wp-image-4041 aligncenter\" src=\"https:\/\/www.cesaraddario.com\/wp-content\/uploads\/2026\/03\/IMG10.jpeg\" alt=\"\" width=\"65%\" height=\"1280\" srcset=\"https:\/\/cesaraddario.com\/wp-content\/uploads\/2026\/03\/IMG10.jpeg 960w, https:\/\/cesaraddario.com\/wp-content\/uploads\/2026\/03\/IMG10-225x300.jpeg 225w, https:\/\/cesaraddario.com\/wp-content\/uploads\/2026\/03\/IMG10-768x1024.jpeg 768w, https:\/\/cesaraddario.com\/wp-content\/uploads\/2026\/03\/IMG10-9x12.jpeg 9w\" sizes=\"(max-width: 960px) 100vw, 960px\" \/><\/p><\/div>\n\t\t\t\t\t\t\t\t\t<div class=\"elementor-tab-title elementor-tab-mobile-title\" aria-selected=\"false\" data-tab=\"15\" role=\"tab\" tabindex=\"-1\" aria-controls=\"elementor-tab-content-43515\" aria-expanded=\"false\">Feliz Ulloa, Rub\u00e9n Ram\u00edrez Lezcano<br><span>VICE PRESIDENT OF EL SALVADOR, FOREIGN MINISTER OF PARAGUAY <br> EL SALVADOR, PARAGUAY <\/span><\/div>\n\t\t\t\t\t<div id=\"elementor-tab-content-43515\" class=\"elementor-tab-content elementor-clearfix\" data-tab=\"15\" role=\"tabpanel\" aria-labelledby=\"elementor-tab-title-43515\" tabindex=\"0\" hidden=\"hidden\"><p><img decoding=\"async\" class=\"alignnone size-full wp-image-4045 aligncenter\" src=\"https:\/\/www.cesaraddario.com\/wp-content\/uploads\/2026\/03\/IMG011.png\" alt=\"\" width=\"65%\" height=\"1280\" srcset=\"https:\/\/cesaraddario.com\/wp-content\/uploads\/2026\/03\/IMG011.png 960w, https:\/\/cesaraddario.com\/wp-content\/uploads\/2026\/03\/IMG011-225x300.png 225w, https:\/\/cesaraddario.com\/wp-content\/uploads\/2026\/03\/IMG011-768x1024.png 768w, https:\/\/cesaraddario.com\/wp-content\/uploads\/2026\/03\/IMG011-9x12.png 9w\" sizes=\"(max-width: 960px) 100vw, 960px\" \/><\/p><\/div>\n\t\t\t\t\t\t\t\t\t<div class=\"elementor-tab-title elementor-tab-mobile-title\" aria-selected=\"false\" data-tab=\"16\" role=\"tab\" tabindex=\"-1\" aria-controls=\"elementor-tab-content-43516\" aria-expanded=\"false\">Luis Arce<br><span>FORMER PRESIDENT OF BOLIVIA <br> BOLIVIA <\/span><\/div>\n\t\t\t\t\t<div id=\"elementor-tab-content-43516\" class=\"elementor-tab-content elementor-clearfix\" data-tab=\"16\" role=\"tabpanel\" aria-labelledby=\"elementor-tab-title-43516\" tabindex=\"0\" hidden=\"hidden\"><p><img decoding=\"async\" class=\"alignnone size-full wp-image-4050 aligncenter\" src=\"https:\/\/www.cesaraddario.com\/wp-content\/uploads\/2026\/03\/IMG012.png\" alt=\"\" width=\"65%\" height=\"1280\" srcset=\"https:\/\/cesaraddario.com\/wp-content\/uploads\/2026\/03\/IMG012.png 960w, https:\/\/cesaraddario.com\/wp-content\/uploads\/2026\/03\/IMG012-225x300.png 225w, https:\/\/cesaraddario.com\/wp-content\/uploads\/2026\/03\/IMG012-768x1024.png 768w, https:\/\/cesaraddario.com\/wp-content\/uploads\/2026\/03\/IMG012-9x12.png 9w\" sizes=\"(max-width: 960px) 100vw, 960px\" \/><\/p><\/div>\n\t\t\t\t\t\t\t\t\t<div class=\"elementor-tab-title elementor-tab-mobile-title\" aria-selected=\"false\" data-tab=\"17\" role=\"tab\" tabindex=\"-1\" aria-controls=\"elementor-tab-content-43517\" aria-expanded=\"false\">Laura Chinchilla<br><span>FORMER PRESIDENT OF COSTA RICA <br> COSTA RICA <\/span><\/div>\n\t\t\t\t\t<div id=\"elementor-tab-content-43517\" class=\"elementor-tab-content elementor-clearfix\" data-tab=\"17\" role=\"tabpanel\" aria-labelledby=\"elementor-tab-title-43517\" tabindex=\"0\" hidden=\"hidden\"><p><img decoding=\"async\" class=\"alignone size-full wp-image-4054 aligncenter\" src=\"https:\/\/www.cesaraddario.com\/wp-content\/uploads\/2026\/03\/IMG13.jpeg\" alt=\"\" width=\"65%\" height=\"1280\" srcset=\"https:\/\/cesaraddario.com\/wp-content\/uploads\/2026\/03\/IMG13.jpeg 960w, https:\/\/cesaraddario.com\/wp-content\/uploads\/2026\/03\/IMG13-225x300.jpeg 225w, https:\/\/cesaraddario.com\/wp-content\/uploads\/2026\/03\/IMG13-768x1024.jpeg 768w, https:\/\/cesaraddario.com\/wp-content\/uploads\/2026\/03\/IMG13-9x12.jpeg 9w\" sizes=\"(max-width: 960px) 100vw, 960px\" \/><\/p><\/div>\n\t\t\t\t\t\t\t\t\t<div class=\"elementor-tab-title elementor-tab-mobile-title\" aria-selected=\"false\" data-tab=\"18\" role=\"tab\" tabindex=\"-1\" aria-controls=\"elementor-tab-content-43518\" aria-expanded=\"false\">Bernardo Arevalo<br><span>PRESIDENT OF GUATEMALA <br> GUATEMALA <\/span><\/div>\n\t\t\t\t\t<div id=\"elementor-tab-content-43518\" class=\"elementor-tab-content elementor-clearfix\" data-tab=\"18\" role=\"tabpanel\" aria-labelledby=\"elementor-tab-title-43518\" tabindex=\"0\" hidden=\"hidden\"><p><img decoding=\"async\" class=\"alignnone size-full wp-image-4061 aligncenter\" src=\"https:\/\/www.cesaraddario.com\/wp-content\/uploads\/2026\/03\/IMG14.jpeg\" alt=\"\" width=\"65%\" height=\"1280\" srcset=\"https:\/\/cesaraddario.com\/wp-content\/uploads\/2026\/03\/IMG14.jpeg 960w, https:\/\/cesaraddario.com\/wp-content\/uploads\/2026\/03\/IMG14-225x300.jpeg 225w, https:\/\/cesaraddario.com\/wp-content\/uploads\/2026\/03\/IMG14-768x1024.jpeg 768w, https:\/\/cesaraddario.com\/wp-content\/uploads\/2026\/03\/IMG14-9x12.jpeg 9w\" sizes=\"(max-width: 960px) 100vw, 960px\" \/><\/p><\/div>\n\t\t\t\t\t\t\t\t\t<div class=\"elementor-tab-title elementor-tab-mobile-title\" aria-selected=\"false\" data-tab=\"19\" role=\"tab\" tabindex=\"-1\" aria-controls=\"elementor-tab-content-43519\" aria-expanded=\"false\">Luis Guillermo Solis<br><span>FORMER PRESIDENT OF COSTA RICA <br> COSTA RICA <\/span><\/div>\n\t\t\t\t\t<div id=\"elementor-tab-content-43519\" class=\"elementor-tab-content elementor-clearfix\" data-tab=\"19\" role=\"tabpanel\" aria-labelledby=\"elementor-tab-title-43519\" tabindex=\"0\" hidden=\"hidden\"><p><img decoding=\"async\" class=\"alignnone size-full wp-image-4065 aligncenter\" src=\"https:\/\/www.cesaraddario.com\/wp-content\/uploads\/2026\/03\/IMG15.jpeg\" alt=\"\" width=\"65%\" height=\"1280\" srcset=\"https:\/\/cesaraddario.com\/wp-content\/uploads\/2026\/03\/IMG15.jpeg 960w, https:\/\/cesaraddario.com\/wp-content\/uploads\/2026\/03\/IMG15-225x300.jpeg 225w, https:\/\/cesaraddario.com\/wp-content\/uploads\/2026\/03\/IMG15-768x1024.jpeg 768w, https:\/\/cesaraddario.com\/wp-content\/uploads\/2026\/03\/IMG15-9x12.jpeg 9w\" sizes=\"(max-width: 960px) 100vw, 960px\" \/><\/p><\/div>\n\t\t\t\t\t\t\t\t\t<div class=\"elementor-tab-title elementor-tab-mobile-title\" aria-selected=\"false\" data-tab=\"20\" role=\"tab\" tabindex=\"-1\" aria-controls=\"elementor-tab-content-43520\" aria-expanded=\"false\">Eduardo Duhalde<br><span>VICE PRESIDENT OF ARGENTINA <br> ARGENTINA <\/span><\/div>\n\t\t\t\t\t<div id=\"elementor-tab-content-43520\" class=\"elementor-tab-content elementor-clearfix\" data-tab=\"20\" role=\"tabpanel\" aria-labelledby=\"elementor-tab-title-43520\" tabindex=\"0\" hidden=\"hidden\"><p><img decoding=\"async\" class=\"alignnone size-full wp-image-4069 aligncenter\" src=\"https:\/\/www.cesaraddario.com\/wp-content\/uploads\/2026\/03\/IMG19.jpeg\" alt=\"\" width=\"65%\" height=\"1280\" srcset=\"https:\/\/cesaraddario.com\/wp-content\/uploads\/2026\/03\/IMG19.jpeg 960w, https:\/\/cesaraddario.com\/wp-content\/uploads\/2026\/03\/IMG19-225x300.jpeg 225w, https:\/\/cesaraddario.com\/wp-content\/uploads\/2026\/03\/IMG19-768x1024.jpeg 768w, https:\/\/cesaraddario.com\/wp-content\/uploads\/2026\/03\/IMG19-9x12.jpeg 9w\" sizes=\"(max-width: 960px) 100vw, 960px\" \/><\/p><\/div>\n\t\t\t\t\t\t\t\t\t<div class=\"elementor-tab-title elementor-tab-mobile-title\" aria-selected=\"false\" data-tab=\"21\" role=\"tab\" tabindex=\"-1\" aria-controls=\"elementor-tab-content-43521\" aria-expanded=\"false\">Alejandro Giammattei<br><span>FORMER PRESIDENT OF GUATEMALA <br> GUATEMALA <\/span><\/div>\n\t\t\t\t\t<div id=\"elementor-tab-content-43521\" class=\"elementor-tab-content elementor-clearfix\" data-tab=\"21\" role=\"tabpanel\" aria-labelledby=\"elementor-tab-title-43521\" tabindex=\"0\" hidden=\"hidden\"><p><img decoding=\"async\" class=\"alignnone size-full wp-image-4074 aligncenter\" src=\"https:\/\/www.cesaraddario.com\/wp-content\/uploads\/2026\/03\/IMG021.png\" alt=\"\" width=\"65%\" height=\"1280\" srcset=\"https:\/\/cesaraddario.com\/wp-content\/uploads\/2026\/03\/IMG021.png 960w, https:\/\/cesaraddario.com\/wp-content\/uploads\/2026\/03\/IMG021-225x300.png 225w, https:\/\/cesaraddario.com\/wp-content\/uploads\/2026\/03\/IMG021-768x1024.png 768w, https:\/\/cesaraddario.com\/wp-content\/uploads\/2026\/03\/IMG021-9x12.png 9w\" sizes=\"(max-width: 960px) 100vw, 960px\" \/><\/p><\/div>\n\t\t\t\t\t\t\t\t\t<div class=\"elementor-tab-title elementor-tab-mobile-title\" aria-selected=\"false\" data-tab=\"22\" role=\"tab\" tabindex=\"-1\" aria-controls=\"elementor-tab-content-43522\" aria-expanded=\"false\">Javier Milei<br><span>PRESIDENT OF ARGENTINA <br> ARGENTINA <\/span><\/div>\n\t\t\t\t\t<div id=\"elementor-tab-content-43522\" class=\"elementor-tab-content elementor-clearfix\" data-tab=\"22\" role=\"tabpanel\" aria-labelledby=\"elementor-tab-title-43522\" tabindex=\"0\" hidden=\"hidden\"><p><img decoding=\"async\" class=\"alignnone size-full wp-image-4078 aligncenter\" src=\"https:\/\/www.cesaraddario.com\/wp-content\/uploads\/2026\/03\/IMG22.jpeg\" alt=\"\" width=\"65%\" height=\"1280\" srcset=\"https:\/\/cesaraddario.com\/wp-content\/uploads\/2026\/03\/IMG22.jpeg 920w, https:\/\/cesaraddario.com\/wp-content\/uploads\/2026\/03\/IMG22-216x300.jpeg 216w, https:\/\/cesaraddario.com\/wp-content\/uploads\/2026\/03\/IMG22-736x1024.jpeg 736w, https:\/\/cesaraddario.com\/wp-content\/uploads\/2026\/03\/IMG22-768x1069.jpeg 768w, https:\/\/cesaraddario.com\/wp-content\/uploads\/2026\/03\/IMG22-9x12.jpeg 9w\" sizes=\"(max-width: 920px) 100vw, 920px\" \/><\/p><\/div>\n\t\t\t\t\t\t\t\t\t<div class=\"elementor-tab-title elementor-tab-mobile-title\" aria-selected=\"false\" data-tab=\"23\" role=\"tab\" tabindex=\"-1\" aria-controls=\"elementor-tab-content-43523\" aria-expanded=\"false\">Vinicio Cerezo<br><span>FORMER PRESIDENT OF GUATEMALA <br> GUATEMALA <\/span><\/div>\n\t\t\t\t\t<div id=\"elementor-tab-content-43523\" class=\"elementor-tab-content elementor-clearfix\" data-tab=\"23\" role=\"tabpanel\" aria-labelledby=\"elementor-tab-title-43523\" tabindex=\"0\" hidden=\"hidden\"><p><img decoding=\"async\" class=\"alignnone size-full wp-image-4082 aligncenter\" src=\"https:\/\/www.cesaraddario.com\/wp-content\/uploads\/2026\/03\/IMG023.png\" alt=\"\" width=\"65%\" height=\"1280\" srcset=\"https:\/\/cesaraddario.com\/wp-content\/uploads\/2026\/03\/IMG023.png 960w, https:\/\/cesaraddario.com\/wp-content\/uploads\/2026\/03\/IMG023-225x300.png 225w, https:\/\/cesaraddario.com\/wp-content\/uploads\/2026\/03\/IMG023-768x1024.png 768w, https:\/\/cesaraddario.com\/wp-content\/uploads\/2026\/03\/IMG023-9x12.png 9w\" sizes=\"(max-width: 960px) 100vw, 960px\" \/><\/p><\/div>\n\t\t\t\t\t\t\t\t\t<div class=\"elementor-tab-title elementor-tab-mobile-title\" aria-selected=\"false\" data-tab=\"24\" role=\"tab\" tabindex=\"-1\" aria-controls=\"elementor-tab-content-43524\" aria-expanded=\"false\">Luis Abinader<br><span>PRESIDENT OF THE DOMINICAN REPUBLIC <br> DOMINICAN REPUBLIC <\/span><\/div>\n\t\t\t\t\t<div id=\"elementor-tab-content-43524\" class=\"elementor-tab-content elementor-clearfix\" data-tab=\"24\" role=\"tabpanel\" aria-labelledby=\"elementor-tab-title-43524\" tabindex=\"0\" hidden=\"hidden\"><p><img decoding=\"async\" class=\"alignnone size-full wp-image-4086 aligncenter\" src=\"https:\/\/www.cesaraddario.com\/wp-content\/uploads\/2026\/03\/IMG024.png\" alt=\"\" width=\"65%\" height=\"1280\" srcset=\"https:\/\/cesaraddario.com\/wp-content\/uploads\/2026\/03\/IMG024.png 960w, https:\/\/cesaraddario.com\/wp-content\/uploads\/2026\/03\/IMG024-225x300.png 225w, https:\/\/cesaraddario.com\/wp-content\/uploads\/2026\/03\/IMG024-768x1024.png 768w, https:\/\/cesaraddario.com\/wp-content\/uploads\/2026\/03\/IMG024-9x12.png 9w\" sizes=\"(max-width: 960px) 100vw, 960px\" \/><\/p><\/div>\n\t\t\t\t\t\t\t<\/div>\n\t\t<\/div>\n\t\t\t\t<\/div>\n\t\t\t\t<\/div>\n\t\t\t\t<div class=\"elementor-element elementor-element-34c9d8b elementor-widget elementor-widget-spacer\" data-id=\"34c9d8b\" data-element_type=\"widget\" data-widget_type=\"spacer.default\">\n\t\t\t\t<div class=\"elementor-widget-container\">\n\t\t\t\t\t<div class=\"elementor-spacer\">\n\t\t\t<div class=\"elementor-spacer-inner\"><\/div>\n\t\t<\/div>\n\t\t\t\t<\/div>\n\t\t\t\t<\/div>\n\t\t\t\t\t<\/div>\n\t\t<\/div>\n\t\t\t\t\t\t\t<\/div>\n\t\t<\/section>\n\t\t\t\t\t\t\t<\/div>","protected":false},"excerpt":{"rendered":"<p>Red de trabajo y colaboraci\u00f3n Christine Lagarde PRESIDENTE BANCO CENTRAL EUROPEO FRANCIA Christopher Landau SUBSECRETARIO DE ESTADO DE LOS ESTADOS UNIDOS ESTADOS UNIDOS Nayib Bukele, Ernesto Castro y Ibrahim Bukele, hermano PRESIDENTE DE EL SALVADOR EL SALVADOR Rodrigo Paz PRESIDENTE DE BOLIVIA BOLIVIA Yamand\u00fa Orsi PRESIDENTE DE URUGUAY URUGUAY Santiago Pe\u00f1a PRESIDENTE DE PARAGUAY PARAGUAY [&hellip;]<\/p>","protected":false},"author":2,"featured_media":0,"parent":3019,"menu_order":4,"comment_status":"closed","ping_status":"closed","template":"elementor_header_footer","meta":{"footnotes":"","_links_to":"","_links_to_target":""},"class_list":["post-3126","page","type-page","status-publish","hentry"],"acf":[],"yoast_head":"<!-- This site is optimized with the Yoast SEO plugin v19.12 - https:\/\/yoast.com\/wordpress\/plugins\/seo\/ -->\n<title>C\u00f3mo Ayudo - Red de trabajo y colaboraci\u00f3n - C\u00e9sar Addario<\/title>\n<meta name=\"description\" content=\"Red de trabajo ycolaboraci\u00f3n: Christine Lagarde, Christopher Landau, Nayib Bukele, Ernesto Castro y Ibrahim Bukele, hermano, Rodrigo Paz\" \/>\n<meta name=\"robots\" content=\"index, follow, max-snippet:-1, max-image-preview:large, max-video-preview:-1\" \/>\n<link rel=\"canonical\" href=\"https:\/\/www.cesaraddario.com\/como-ayudo\/red-de-trabajo-y-colaboracion\/\" \/>\n<meta property=\"og:locale\" content=\"en_US\" \/>\n<meta property=\"og:type\" content=\"article\" \/>\n<meta property=\"og:title\" content=\"C\u00f3mo Ayudo - Red de trabajo y colaboraci\u00f3n - C\u00e9sar Addario\" \/>\n<meta property=\"og:description\" content=\"Red de trabajo ycolaboraci\u00f3n: Christine Lagarde, Christopher Landau, Nayib Bukele, Ernesto Castro y Ibrahim Bukele, hermano, Rodrigo Paz\" \/>\n<meta property=\"og:url\" content=\"https:\/\/www.cesaraddario.com\/como-ayudo\/red-de-trabajo-y-colaboracion\/\" \/>\n<meta property=\"og:site_name\" content=\"C\u00e9sar Addario\" \/>\n<meta property=\"article:modified_time\" content=\"2026-04-15T21:58:21+00:00\" \/>\n<meta property=\"og:image\" content=\"https:\/\/www.cesaraddario.com\/wp-content\/uploads\/2026\/03\/IMG09.jpeg\" \/>\n<meta name=\"twitter:card\" content=\"summary_large_image\" \/>\n<meta name=\"twitter:label1\" content=\"Est. reading time\" \/>\n\t<meta name=\"twitter:data1\" content=\"7 minutes\" \/>\n<script type=\"application\/ld+json\" class=\"yoast-schema-graph\">{\"@context\":\"https:\/\/schema.org\",\"@graph\":[{\"@type\":\"WebPage\",\"@id\":\"https:\/\/www.cesaraddario.com\/como-ayudo\/red-de-trabajo-y-colaboracion\/\",\"url\":\"https:\/\/www.cesaraddario.com\/como-ayudo\/red-de-trabajo-y-colaboracion\/\",\"name\":\"C\u00f3mo Ayudo - Red de trabajo y colaboraci\u00f3n - C\u00e9sar Addario\",\"isPartOf\":{\"@id\":\"https:\/\/www.cesaraddario.com\/#website\"},\"datePublished\":\"2026-03-11T23:51:51+00:00\",\"dateModified\":\"2026-04-15T21:58:21+00:00\",\"description\":\"Red de trabajo ycolaboraci\u00f3n: Christine Lagarde, Christopher Landau, Nayib Bukele, Ernesto Castro y Ibrahim Bukele, hermano, Rodrigo Paz\",\"breadcrumb\":{\"@id\":\"https:\/\/www.cesaraddario.com\/como-ayudo\/red-de-trabajo-y-colaboracion\/#breadcrumb\"},\"inLanguage\":\"en-US\",\"potentialAction\":[{\"@type\":\"ReadAction\",\"target\":[\"https:\/\/www.cesaraddario.com\/como-ayudo\/red-de-trabajo-y-colaboracion\/\"]}]},{\"@type\":\"BreadcrumbList\",\"@id\":\"https:\/\/www.cesaraddario.com\/como-ayudo\/red-de-trabajo-y-colaboracion\/#breadcrumb\",\"itemListElement\":[{\"@type\":\"ListItem\",\"position\":1,\"name\":\"C\u00f3mo Ayudo\",\"item\":\"https:\/\/www.cesaraddario.com\/como-ayudo\/\"},{\"@type\":\"ListItem\",\"position\":2,\"name\":\"C\u00f3mo Ayudo &#8211; Red de trabajo y colaboraci\u00f3n\"}]},{\"@type\":\"WebSite\",\"@id\":\"https:\/\/www.cesaraddario.com\/#website\",\"url\":\"https:\/\/www.cesaraddario.com\/\",\"name\":\"C\u00e9sar Addario\",\"description\":\"\",\"potentialAction\":[{\"@type\":\"SearchAction\",\"target\":{\"@type\":\"EntryPoint\",\"urlTemplate\":\"https:\/\/www.cesaraddario.com\/?s={search_term_string}\"},\"query-input\":\"required name=search_term_string\"}],\"inLanguage\":\"en-US\"}]}<\/script>\n<!-- \/ Yoast SEO plugin. -->","yoast_head_json":{"title":"C\u00f3mo Ayudo - Red de trabajo y colaboraci\u00f3n - C\u00e9sar Addario","description":"Red de trabajo ycolaboraci\u00f3n: Christine Lagarde, Christopher Landau, Nayib Bukele, Ernesto Castro y Ibrahim Bukele, hermano, Rodrigo Paz","robots":{"index":"index","follow":"follow","max-snippet":"max-snippet:-1","max-image-preview":"max-image-preview:large","max-video-preview":"max-video-preview:-1"},"canonical":"https:\/\/www.cesaraddario.com\/como-ayudo\/red-de-trabajo-y-colaboracion\/","og_locale":"en_US","og_type":"article","og_title":"C\u00f3mo Ayudo - Red de trabajo y colaboraci\u00f3n - C\u00e9sar Addario","og_description":"Red de trabajo ycolaboraci\u00f3n: Christine Lagarde, Christopher Landau, Nayib Bukele, Ernesto Castro y Ibrahim Bukele, hermano, Rodrigo Paz","og_url":"https:\/\/www.cesaraddario.com\/como-ayudo\/red-de-trabajo-y-colaboracion\/","og_site_name":"C\u00e9sar Addario","article_modified_time":"2026-04-15T21:58:21+00:00","og_image":[{"url":"https:\/\/www.cesaraddario.com\/wp-content\/uploads\/2026\/03\/IMG09.jpeg"}],"twitter_card":"summary_large_image","twitter_misc":{"Est. reading time":"7 minutes"},"schema":{"@context":"https:\/\/schema.org","@graph":[{"@type":"WebPage","@id":"https:\/\/www.cesaraddario.com\/como-ayudo\/red-de-trabajo-y-colaboracion\/","url":"https:\/\/www.cesaraddario.com\/como-ayudo\/red-de-trabajo-y-colaboracion\/","name":"C\u00f3mo Ayudo - Red de trabajo y colaboraci\u00f3n - C\u00e9sar Addario","isPartOf":{"@id":"https:\/\/www.cesaraddario.com\/#website"},"datePublished":"2026-03-11T23:51:51+00:00","dateModified":"2026-04-15T21:58:21+00:00","description":"Red de trabajo ycolaboraci\u00f3n: Christine Lagarde, Christopher Landau, Nayib Bukele, Ernesto Castro y Ibrahim Bukele, hermano, Rodrigo Paz","breadcrumb":{"@id":"https:\/\/www.cesaraddario.com\/como-ayudo\/red-de-trabajo-y-colaboracion\/#breadcrumb"},"inLanguage":"en-US","potentialAction":[{"@type":"ReadAction","target":["https:\/\/www.cesaraddario.com\/como-ayudo\/red-de-trabajo-y-colaboracion\/"]}]},{"@type":"BreadcrumbList","@id":"https:\/\/www.cesaraddario.com\/como-ayudo\/red-de-trabajo-y-colaboracion\/#breadcrumb","itemListElement":[{"@type":"ListItem","position":1,"name":"C\u00f3mo Ayudo","item":"https:\/\/www.cesaraddario.com\/como-ayudo\/"},{"@type":"ListItem","position":2,"name":"C\u00f3mo Ayudo &#8211; Red de trabajo y colaboraci\u00f3n"}]},{"@type":"WebSite","@id":"https:\/\/www.cesaraddario.com\/#website","url":"https:\/\/www.cesaraddario.com\/","name":"C\u00e9sar Addario","description":"","potentialAction":[{"@type":"SearchAction","target":{"@type":"EntryPoint","urlTemplate":"https:\/\/www.cesaraddario.com\/?s={search_term_string}"},"query-input":"required name=search_term_string"}],"inLanguage":"en-US"}]}},"_links":{"self":[{"href":"https:\/\/cesaraddario.com\/en\/wp-json\/wp\/v2\/pages\/3126","targetHints":{"allow":["GET"]}}],"collection":[{"href":"https:\/\/cesaraddario.com\/en\/wp-json\/wp\/v2\/pages"}],"about":[{"href":"https:\/\/cesaraddario.com\/en\/wp-json\/wp\/v2\/types\/page"}],"author":[{"embeddable":true,"href":"https:\/\/cesaraddario.com\/en\/wp-json\/wp\/v2\/users\/2"}],"replies":[{"embeddable":true,"href":"https:\/\/cesaraddario.com\/en\/wp-json\/wp\/v2\/comments?post=3126"}],"version-history":[{"count":185,"href":"https:\/\/cesaraddario.com\/en\/wp-json\/wp\/v2\/pages\/3126\/revisions"}],"predecessor-version":[{"id":4267,"href":"https:\/\/cesaraddario.com\/en\/wp-json\/wp\/v2\/pages\/3126\/revisions\/4267"}],"up":[{"embeddable":true,"href":"https:\/\/cesaraddario.com\/en\/wp-json\/wp\/v2\/pages\/3019"}],"wp:attachment":[{"href":"https:\/\/cesaraddario.com\/en\/wp-json\/wp\/v2\/media?parent=3126"}],"curies":[{"name":"wp","href":"https:\/\/api.w.org\/{rel}","templated":true}]}}